{"id":727,"date":"2018-07-26T10:37:33","date_gmt":"2018-07-26T13:37:33","guid":{"rendered":"https:\/\/edtalomas-bue.infd.edu.ar\/sitio\/?page_id=727"},"modified":"2026-02-18T13:51:54","modified_gmt":"2026-02-18T16:51:54","slug":"inscripciones","status":"publish","type":"page","link":"https:\/\/edtalomas-bue.infd.edu.ar\/sitio\/inscripciones\/","title":{"rendered":"INSCRIPCI\u00d3N AL CICLO LECTIVO 2026"},"content":{"rendered":"\n<p><\/p>\n\n\n\n<p>En primer lugar, realiz\u00e1 la PRE-INSCRIPCI\u00d3N<strong> A PARTIR DEL 10 DE NOVIEMBRE<\/strong>, en el siguiente enlace:<\/p>\n\n\n\n<p><a href=\"https:\/\/forms.gle\/NQNRLJjh1izwJg9u6\">https:\/\/forms.gle\/NQNRLJjh1izwJg9u6<\/a><\/p>\n\n\n\n<p>Luego ACERCATE A NUESTRA INSTITUCI\u00d3N PARA COMPLETAR EL TR\u00c1MITE:<\/p>\n\n\n\n<p><strong><u>ESCUELA DE DANZAS TRADICIONALES LOMAS DE ZAMORA<\/u><\/strong><\/p>\n\n\n\n<p><strong>HIP\u00d3LITO YRIGOYEN 10.335<\/strong><\/p>\n\n\n\n<p><strong><u>REQUISITOS PARA LA INSCRIPCI\u00d3N &#8211;CICLO LECTIVO 2026&#8211;<\/u><\/strong><\/p>\n\n\n\n<p>A trav\u00e9s del formulario publicado realizas la PRE-INSCRIPCI\u00d3N.<\/p>\n\n\n\n<p>Para hacerla efectiva debes acercarte:<\/p>\n\n\n\n<p><strong>A PARTIR DEL 18 DE FEBRERO <\/strong>a la Secretar\u00eda de la EDTA, con toda la documentaci\u00f3n que m\u00e1s abajo se detalla.<\/p>\n\n\n\n<p>HORARIOS: De Lunes a Viernes 9 hs a 11.00hs \u2013 de 14 a 16.00 y de 18 hs a 20.00 hs.<\/p>\n\n\n\n<p>Para ello debes traer la siguiente documentaci\u00f3n:<\/p>\n\n\n\n<p>Requisitos para la inscripci\u00f3n:<\/p>\n\n\n\n<ul>\n<li>Original y Fotocopia T\u00edtulo secundario o constancia de t\u00edtulo en tr\u00e1mite o de alumno regular.<\/li>\n\n\n\n<li>Original y Fotocopia DNI.<\/li>\n\n\n\n<li>3 fotos 4&#215;4<\/li>\n\n\n\n<li>Carpeta 3 Solapas Color seg\u00fan Carrera:<\/li>\n<\/ul>\n\n\n\n<p>DANZAS FOLKL\u00d3RICAS &#8211; CELESTE<br>EXPRESI\u00d3N CORPORAL &#8211; ROSA<br>DANZA CONTEMPOR\u00c1NEA &#8211; VERDE<br>TECNICATURA DE TANGO &#8211; AMARILLO<\/p>\n\n\n\n<p>Formulario de Inscripci\u00f3n completo (Link de descarga )<br><a href=\"https:\/\/drive.google.com\/file\/d\/1nXxwEOUdt-y6WvTIXnI7JxanNIGZCDz7\/view?usp=share_link\n\">https:\/\/drive.google.com\/file\/d\/1nXxwEOUdt-y6WvTIXnI7JxanNIGZCDz7\/view?usp=share_link<br><\/a>Cooperadora Anual $25.000<\/p>\n\n\n\n<p>La inscripci\u00f3n a las carreras se realizar\u00e1 con TODA LA DOCUMENTACI\u00d3N COMPLETA SIN EXCEPCI\u00d3N.<\/p>\n\n\n\n<p>Una vez inscripto\/a podr\u00e1s elegir el turno de cursada (hasta agotar vacantes).<\/p>\n\n\n\n<p>\u00a1\u00a1Bienvenido\/a a la EDTA Lomas de Zamora!!<\/p>\n\n\n\n<p>M\u00c1S INFORMACI\u00d3N ACERCA DE LAS CARRERAS: <a href=\"https:\/\/edtalomas-bue.infd.edu.ar\/sitio\/\">https:\/\/edtalomas-bue.infd.edu.ar\/sitio\/<\/a><\/p>\n","protected":false},"excerpt":{"rendered":"<p>En primer lugar, realiz\u00e1 la PRE-INSCRIPCI\u00d3N A PARTIR DEL 10 DE NOVIEMBRE, en el siguiente enlace: https:\/\/forms.gle\/NQNRLJjh1izwJg9u6 Luego ACERCATE A NUESTRA INSTITUCI\u00d3N PARA COMPLETAR EL TR\u00c1MITE: ESCUELA DE DANZAS TRADICIONALES LOMAS DE ZAMORA HIP\u00d3LITO YRIGOYEN 10.335 REQUISITOS PARA LA INSCRIPCI\u00d3N &#8211;CICLO LECTIVO 2026&#8211; A trav\u00e9s del formulario publicado realizas la PRE-INSCRIPCI\u00d3N. Para hacerla efectiva debes &#8230; <a title=\"INSCRIPCI\u00d3N AL CICLO LECTIVO 2026\" class=\"read-more\" href=\"https:\/\/edtalomas-bue.infd.edu.ar\/sitio\/inscripciones\/\" aria-label=\"M\u00e1s en INSCRIPCI\u00d3N AL CICLO LECTIVO 2026\">[+]<\/a><\/p>\n","protected":false},"author":16,"featured_media":0,"parent":0,"menu_order":0,"comment_status":"closed","ping_status":"closed","template":"","meta":[],"acf":[],"_links":{"self":[{"href":"https:\/\/edtalomas-bue.infd.edu.ar\/sitio\/wp-json\/wp\/v2\/pages\/727"}],"collection":[{"href":"https:\/\/edtalomas-bue.infd.edu.ar\/sitio\/wp-json\/wp\/v2\/pages"}],"about":[{"href":"https:\/\/edtalomas-bue.infd.edu.ar\/sitio\/wp-json\/wp\/v2\/types\/page"}],"author":[{"embeddable":true,"href":"https:\/\/edtalomas-bue.infd.edu.ar\/sitio\/wp-json\/wp\/v2\/users\/16"}],"replies":[{"embeddable":true,"href":"https:\/\/edtalomas-bue.infd.edu.ar\/sitio\/wp-json\/wp\/v2\/comments?post=727"}],"version-history":[{"count":14,"href":"https:\/\/edtalomas-bue.infd.edu.ar\/sitio\/wp-json\/wp\/v2\/pages\/727\/revisions"}],"predecessor-version":[{"id":1943,"href":"https:\/\/edtalomas-bue.infd.edu.ar\/sitio\/wp-json\/wp\/v2\/pages\/727\/revisions\/1943"}],"wp:attachment":[{"href":"https:\/\/edtalomas-bue.infd.edu.ar\/sitio\/wp-json\/wp\/v2\/media?parent=727"}],"curies":[{"name":"wp","href":"https:\/\/api.w.org\/{rel}","templated":true}]}}